{"id":322,"date":"2019-05-02T10:12:26","date_gmt":"2019-05-02T13:12:26","guid":{"rendered":"https:\/\/ciaananda.com.br\/?page_id=322"},"modified":"2024-04-10T13:49:12","modified_gmt":"2024-04-10T16:49:12","slug":"equipe","status":"publish","type":"page","link":"https:\/\/ciaananda.com.br\/fr\/equipe\/","title":{"rendered":"\u00c9quipe"},"content":{"rendered":"<p><\/p>\n<h1>Direction<\/h1>\n<p><strong>Anamaria Fernandes<\/strong><br \/>\n<a href=\"https:\/\/ciaananda.com.br\/wp-content\/uploads\/2019\/05\/MIT_4261-1.jpg\"><img loading=\"lazy\" decoding=\"async\" src=\"https:\/\/ciaananda.com.br\/wp-content\/uploads\/2019\/05\/MIT_4261-1-1024x683.jpg\" alt=\"\" width=\"640\" height=\"427\" class=\"alignnone size-large wp-image-623\" srcset=\"https:\/\/ciaananda.com.br\/wp-content\/uploads\/2019\/05\/MIT_4261-1-1024x683.jpg 1024w, https:\/\/ciaananda.com.br\/wp-content\/uploads\/2019\/05\/MIT_4261-1-300x200.jpg 300w, https:\/\/ciaananda.com.br\/wp-content\/uploads\/2019\/05\/MIT_4261-1-768x512.jpg 768w, https:\/\/ciaananda.com.br\/wp-content\/uploads\/2019\/05\/MIT_4261-1.jpg 1800w\" sizes=\"(max-width: 640px) 100vw, 640px\" \/><\/a><\/p>\n<p>Anamaria Fernandes\u00a0obtient sa licence en danse \u00e0 l\u2019Universit\u00e9 Unicamp &#8211; Campinas, Br\u00e9sil en 1992, sa ma\u00eetrise en Arts du Spectacle \u00e0 l\u2019Universit\u00e9 de Rennes en 2010 sous le titre \u00ab\u00a0Danse et stigmates, mouvements d&rsquo;approche\u00a0\u00bb et son doctorat en \u00c9tudes de l&rsquo;\u00c9ducation \u00e0 l\u2019Universit\u00e9 Unicamp, Br\u00e9sil et en Arts du Spectacle \u00e0 l\u2019Universit\u00e9 de Rennes sous le titre \u201cDanse e Autisme: espaces de rencontres.<br \/>\nDanseuse chor\u00e9graphe elle participe de diff\u00e9rentes cies au Br\u00e9sil entre 1986 et 1993 dont Bebeleu (direction collective), Toten (direction de Holly Cavrel) et Gira Corpus (direction de Oswaldo Rosa)<br \/>\nElle vit em France entre 1994 et 2014 o\u00f9 elle se consacre essentiellement \u00e0 l\u2019improvisation, collabore avec des cies fran\u00e7aises et br\u00e9siliennes (entre elles La Mauvaise T\u00eate(s), Hydragon e UBI) et int\u00e8gre divers projets m\u00ealant diff\u00e9rents artistes en lien avec l\u2019image, le th\u00e9\u00e2tre ou la musique. Parmi eux Chrystel Petitgas, Guillaume Robert, Thierry Beucher, Michel Charron, Michel Aumont et Nicolas Leli\u00e8vre. Depuis 1997, elle travaille avec des personnes en situation de maladie ou de handicap mental dans diff\u00e9rents \u00e9tablissements m\u00e9dicaux-sociaux. Autour de ces ateliers, elle co- r\u00e9alise trois documentaires \u00e0 partir desquels elle est r\u00e9guli\u00e8rement invit\u00e9e \u00e0 donner des conf\u00e9rences au sein de plusieurs Universit\u00e9s et \u00e9v\u00e9nements au Br\u00e9sil, en France et \u00e0 New York et \u00e9crit divers articles.<br \/>\nDepuis 2004 elle collabore avec l\u2019Association Danses Harmonies dans l\u2019encadrement de stages de formation aupr\u00e8s des professionnels de l\u2019animation, de l\u2019\u00e9ducation et du soin en secteur sanitaire et m\u00e9dico-social. En 2005 elle fonde la compagnie Dana au sein de laquelle elle dirige plusieurs projets chor\u00e9graphiques en France et au Br\u00e9sil. En 2017 elle fonde la cie Ananda. Elle est actuellement professeur \u00e0 l&rsquo;Universit\u00e9 F\u00e9d\u00e9rale de Minas Gerais, Br\u00e9sil.<\/p>\n<p>&nbsp;<\/p>\n<h1>Artistes cr\u00e9ateurs<\/h1>\n<p><strong>Ana Lima<\/strong><\/p>\n<p><a href=\"https:\/\/ciaananda.com.br\/wp-content\/uploads\/2019\/05\/BLS_8665.jpg\"><img loading=\"lazy\" decoding=\"async\" src=\"https:\/\/ciaananda.com.br\/wp-content\/uploads\/2019\/05\/BLS_8665-1024x683.jpg\" alt=\"\" width=\"640\" height=\"427\" class=\"alignnone size-large wp-image-571\" srcset=\"https:\/\/ciaananda.com.br\/wp-content\/uploads\/2019\/05\/BLS_8665-1024x683.jpg 1024w, https:\/\/ciaananda.com.br\/wp-content\/uploads\/2019\/05\/BLS_8665-300x200.jpg 300w, https:\/\/ciaananda.com.br\/wp-content\/uploads\/2019\/05\/BLS_8665-768x512.jpg 768w, https:\/\/ciaananda.com.br\/wp-content\/uploads\/2019\/05\/BLS_8665.jpg 2048w\" sizes=\"(max-width: 640px) 100vw, 640px\" \/><\/a><\/p>\n<p>Danseuse, capoeriste et \u00e9tudiante. Elle recherche diverses esth\u00e9tiques de la rencontre. Etudiante en psychologie \u00e0 l\u2019Universit\u00e9 F\u00e9d\u00e9rale du Minas Gerais, elle a commenc\u00e9 son parcours en danse \u00e0 l\u2019\u00e2ge de 3 ans, au Centre Maurice Ravel, \u00e0 Paris, passant par 10 ans d\u2019apprentissage de danse contemporaine \u00e0 l\u2019\u00e9cole Corpo situ\u00e9e \u00e0 Belo Horizonte. Elle a ensuite eu l\u2019exp\u00e9rience du contact-improvisation gr\u00e2ce au Collectif \u00ab\u00a0TaTo\u00a0\u00bb. Elle est danseuse-cr\u00e9atrice \u00e0 la Compagnie Ananda et, depuis 2017 s\u2019int\u00e9resse, avec Anamaria Fernandes,  aux esth\u00e9tiques sensibles aux diff\u00e9rences.<\/p>\n<p>&nbsp;<\/p>\n<p><strong>Anna Paula Santos<\/strong><\/p>\n<p><a href=\"https:\/\/ciaananda.com.br\/wp-content\/uploads\/2019\/05\/BLS_8633.jpg\"><img loading=\"lazy\" decoding=\"async\" src=\"https:\/\/ciaananda.com.br\/wp-content\/uploads\/2019\/05\/BLS_8633-1024x683.jpg\" alt=\"\" width=\"640\" height=\"427\" class=\"alignnone size-large wp-image-557\" srcset=\"https:\/\/ciaananda.com.br\/wp-content\/uploads\/2019\/05\/BLS_8633-1024x683.jpg 1024w, https:\/\/ciaananda.com.br\/wp-content\/uploads\/2019\/05\/BLS_8633-300x200.jpg 300w, https:\/\/ciaananda.com.br\/wp-content\/uploads\/2019\/05\/BLS_8633-768x512.jpg 768w, https:\/\/ciaananda.com.br\/wp-content\/uploads\/2019\/05\/BLS_8633.jpg 2048w\" sizes=\"(max-width: 640px) 100vw, 640px\" \/><\/a><\/p>\n<p>Chercheuse du mouvement, danseuse, performeuse et capoeriste d\u2019Angola. Elle a particip\u00e9 comme interpr\u00e8te-cr\u00e9atrice au collectif \u00ab\u00a0Somos 7\u00a0\u00bb de cirque contemporain. Elle a d\u00e9velopp\u00e9 ses travaux \u00e0 partir de references et techniques du cirque, de la danse contemporaine et de la capoeira. Elle est \u00e9tudiante en Licence en Danse \u00e0 l\u2019Universit\u00e9 F\u00e9d\u00e9rale de Minas Gerais et \u00e9tudiante en Technologie de la sc\u00e8ne\u00a0: (illuminations sc\u00e8nique, preneur de son, costumes, cynotechnique) au Centre de Formation Artistique et Technologique CEFART, de la Fondation Clovis Salgado.<\/p>\n<p>&nbsp;<\/p>\n<p><strong>Ana Rita Nicoliello<\/strong><br \/>\n<a href=\"https:\/\/ciaananda.com.br\/wp-content\/uploads\/2019\/05\/Ana-Rita-Nicoliello-e1559504618108.jpg\"><img loading=\"lazy\" decoding=\"async\" src=\"https:\/\/ciaananda.com.br\/wp-content\/uploads\/2019\/05\/Ana-Rita-Nicoliello-1024x683.jpg\" alt=\"\" width=\"640\" height=\"427\" class=\"alignnone size-large wp-image-454\" \/><\/a><\/p>\n<p>Danseuse, professeure et chercheuse du mouvement, elle travaille surtout avec l\u2019improvisation et avec des cr\u00e9ations frontali\u00e8res qui relient la danse avec d\u2019autre languages artistiques. Actuellement doctorante en \u00e9sthetique et philosophie de l\u2019art \u00e0 la FAFICH et UFMG, artiste r\u00e9sidente en danse \u00e0 la Fondation Clovis Salgado. Int\u00e9grante du projet \u00ab\u00a0desenho movimento\u00a0\u00bb, danseuse-cr\u00e9atrice de la compagnie Ananda. Elle fait partie du collectif \u00ab\u00a0TaTo\u00a0\u00bb et conductrice de pratiques de contact-improvisation \u00e0 Kinsesis Dan\u00e7a.expressao.arte, Belo Horizonte.<\/p>\n<p>&nbsp;<\/p>\n<p><strong>Beatriz Nobel<\/strong><\/p>\n<p><a href=\"https:\/\/ciaananda.com.br\/wp-content\/uploads\/2019\/05\/BLS_8655.jpg\"><img loading=\"lazy\" decoding=\"async\" src=\"https:\/\/ciaananda.com.br\/wp-content\/uploads\/2019\/05\/BLS_8655-1024x683.jpg\" alt=\"\" width=\"640\" height=\"427\" class=\"alignnone size-large wp-image-566\" srcset=\"https:\/\/ciaananda.com.br\/wp-content\/uploads\/2019\/05\/BLS_8655-1024x683.jpg 1024w, https:\/\/ciaananda.com.br\/wp-content\/uploads\/2019\/05\/BLS_8655-300x200.jpg 300w, https:\/\/ciaananda.com.br\/wp-content\/uploads\/2019\/05\/BLS_8655-768x512.jpg 768w, https:\/\/ciaananda.com.br\/wp-content\/uploads\/2019\/05\/BLS_8655.jpg 2048w\" sizes=\"(max-width: 640px) 100vw, 640px\" \/><\/a><\/p>\n<p>Educatrice et danseuse, elle a commenc\u00e9 son parcours vers le langage contemporain aux programme \u00ab\u00a0Valores de Minas\u00a0\u00bb et \u00ab\u00a0Arena da Cultura\u00a0\u00bb de Belo Horizonte, ainsi qu\u2019avec d\u2019autres formations livres. Actuellement elle est \u00e9tudiante en Danse \u00e0 l\u2019Universit\u00e9 F\u00e9d\u00e9rale de Minas Gerais et boursi\u00e8re du programme initiation \u00e0 la pratique p\u00e9dagogique.  <\/p>\n<p>&nbsp;<\/p>\n<p><strong>Bianca Sanches<\/strong><\/p>\n<p><a href=\"https:\/\/ciaananda.com.br\/wp-content\/uploads\/2019\/05\/BLS_8658.jpg\"><img loading=\"lazy\" decoding=\"async\" src=\"https:\/\/ciaananda.com.br\/wp-content\/uploads\/2019\/05\/BLS_8658-1024x683.jpg\" alt=\"\" width=\"640\" height=\"427\" class=\"alignnone size-large wp-image-567\" srcset=\"https:\/\/ciaananda.com.br\/wp-content\/uploads\/2019\/05\/BLS_8658-1024x683.jpg 1024w, https:\/\/ciaananda.com.br\/wp-content\/uploads\/2019\/05\/BLS_8658-300x200.jpg 300w, https:\/\/ciaananda.com.br\/wp-content\/uploads\/2019\/05\/BLS_8658-768x512.jpg 768w, https:\/\/ciaananda.com.br\/wp-content\/uploads\/2019\/05\/BLS_8658.jpg 2048w\" sizes=\"(max-width: 640px) 100vw, 640px\" \/><\/a><\/p>\n<p>Diplom\u00e9e en danse par l\u2019\u00c9cole Belas Artes de l\u2019UFMG. (2014-2020), elle a \u00e9t\u00e9 danseuse interpr\u00e8te &#8211; cr\u00e9atrice \u00e0 la \u00ab\u00a0Mimulus Cia de Danse\u00a0\u00bb (2015-2016), et a dans\u00e9 la s\u00e9rie inside\/out,  composant la 85\u00e8me  \u00e9dition de Jacob\u2019s Pillow danse festival \u2013 MA (2017), avec le spectacle \u00ab\u00a0Afasta de Mim\u00a0\u00bb et comme performeuse-productrice du \u00ab\u00a0Respeit\u00e1vel P\u00fablico\u00a0: Palestra-Performance\u00a0\u00bb (2018). En 2018 elle a jou\u00e9e dans la conception  du Groupe de Recherche en Danse et a \u00e9t\u00e9 une  des cr\u00e9atrices  du collectif \u00ab\u00a0Indisiplinar\u00a0\u00bb qui actuellement circule avec la performance \u00ab\u00a0Um dia, 30min\u00a0\u00bb.<\/p>\n<p>&nbsp;<\/p>\n<p><strong>Clarissa Aguiar<\/strong><\/p>\n<p><a href=\"https:\/\/ciaananda.com.br\/wp-content\/uploads\/2019\/05\/BLS_8643.jpg\"><img loading=\"lazy\" decoding=\"async\" src=\"https:\/\/ciaananda.com.br\/wp-content\/uploads\/2019\/05\/BLS_8643-1024x683.jpg\" alt=\"\" width=\"640\" height=\"427\" class=\"alignnone size-large wp-image-562\" srcset=\"https:\/\/ciaananda.com.br\/wp-content\/uploads\/2019\/05\/BLS_8643-1024x683.jpg 1024w, https:\/\/ciaananda.com.br\/wp-content\/uploads\/2019\/05\/BLS_8643-300x200.jpg 300w, https:\/\/ciaananda.com.br\/wp-content\/uploads\/2019\/05\/BLS_8643-768x512.jpg 768w, https:\/\/ciaananda.com.br\/wp-content\/uploads\/2019\/05\/BLS_8643.jpg 2048w\" sizes=\"(max-width: 640px) 100vw, 640px\" \/><\/a><\/p>\n<p>Danseuse premi\u00e8rement dans les danses urbaines, elle a migr\u00e9e peu \u00e0 peu vers les danses contemporaines et la po\u00e9tique du sensible. Elle est ludo-th\u00e9rapeute pour enfants, est form\u00e9e en Science Cociales, avec un int\u00e9r\u00eat particulier en \u00c9ducation et Anthropologie.<\/p>\n<p>&nbsp;<\/p>\n<p><strong>Duna Dias<\/strong><\/p>\n<p><a href=\"https:\/\/ciaananda.com.br\/wp-content\/uploads\/2019\/05\/BLS_8639.jpg\"><img loading=\"lazy\" decoding=\"async\" src=\"https:\/\/ciaananda.com.br\/wp-content\/uploads\/2019\/05\/BLS_8639-1024x683.jpg\" alt=\"\" width=\"640\" height=\"427\" class=\"alignnone size-large wp-image-560\" srcset=\"https:\/\/ciaananda.com.br\/wp-content\/uploads\/2019\/05\/BLS_8639-1024x683.jpg 1024w, https:\/\/ciaananda.com.br\/wp-content\/uploads\/2019\/05\/BLS_8639-300x200.jpg 300w, https:\/\/ciaananda.com.br\/wp-content\/uploads\/2019\/05\/BLS_8639-768x512.jpg 768w, https:\/\/ciaananda.com.br\/wp-content\/uploads\/2019\/05\/BLS_8639.jpg 2048w\" sizes=\"(max-width: 640px) 100vw, 640px\" \/><\/a><\/p>\n<p>Artiste en danse et th\u00e9\u00e2tre, productrice culturel et professeure gradu\u00e9e en \u00c9ducation Physique elle fait sa derni\u00e8re ann\u00e9e en Danse \u00e0 l\u2019Universit\u00e9 F\u00e9d\u00e9rale de Minas Gerais. Elle travaille actuellement \u00e0 la Compagnie Ananda, au Groupe Contemporain de Danse Livre (travail collectif) et est professeure en \u00e9ducation physique. Elle d\u00e9veloppe des recherches impliquant la danse contemporaine, les danses populaires bresiliennes et la rencontre entre autres champs artistiques. Dans son parcours , elle \u00e0 d\u00e9j\u00e0 r\u00e9alis\u00e9e des projets en partenariat avec 13 pays, en Ameriqe du Sud, Amerique du Nord, Europe et Moyent Orients.<\/p>\n<p>&nbsp;<\/p>\n<p><strong>Eduardo Henrique<\/strong><\/p>\n<p><a href=\"https:\/\/ciaananda.com.br\/wp-content\/uploads\/2019\/05\/BLS_8659.jpg\"><img loading=\"lazy\" decoding=\"async\" src=\"https:\/\/ciaananda.com.br\/wp-content\/uploads\/2019\/05\/BLS_8659-1024x683.jpg\" alt=\"\" width=\"640\" height=\"427\" class=\"alignnone size-large wp-image-568\" srcset=\"https:\/\/ciaananda.com.br\/wp-content\/uploads\/2019\/05\/BLS_8659-1024x683.jpg 1024w, https:\/\/ciaananda.com.br\/wp-content\/uploads\/2019\/05\/BLS_8659-300x200.jpg 300w, https:\/\/ciaananda.com.br\/wp-content\/uploads\/2019\/05\/BLS_8659-768x512.jpg 768w, https:\/\/ciaananda.com.br\/wp-content\/uploads\/2019\/05\/BLS_8659.jpg 2048w\" sizes=\"(max-width: 640px) 100vw, 640px\" \/><\/a><\/p>\n<p>Il a commenc\u00e9 son parcours en danse \u00e0 l\u2019 \u00ab\u00a0Espa\u00e7o Cultura ADAV\u00a0\u00bb. Un an plus tard il s\u2019est int\u00e9ress\u00e9 \u00e0 la capoeira et est int\u00e9grant du \u00abGrupo filhos do Quilombolas\u00a0\u00bb de la ma\u00eetre Luciane Moreira (Sereia) et, avec ce groupe, a particip\u00e9, en 2015, \u00e0 l\u2019\u00e9v\u00e9nement \u00ab\u00a0Tr\u00eas Berimbaus uma Familia\u00a0\u00bb \u00e0 Madrid. Il est \u00e9tudiant en Danse \u00e0 l\u2019Universit\u00e9 F\u00e9d\u00e9rale de Minas Gerais et a pr\u00e9sent\u00e9 son premier spectacle \u00ab\u00a0En Transito\u00a0\u00bb avec le groupe Jovem de Dan\u00e7a. En 2017 il est entr\u00e9 dans le projet \u00ab\u00a0Anjos d\u2019rua\u00a0\u00bb de danses urbaines et, depuis 2018,  dans la compagnie Ananda. Entre 2017 et  2019 il \u00e9t\u00e9 danseur-stagiaire du Groupe de Danse \u00ab\u00a01er Ato\u00a0\u00bb.<\/p>\n<p>&nbsp;<\/p>\n<p><strong>Gustavo Felix<\/strong><\/p>\n<p><a href=\"https:\/\/ciaananda.com.br\/wp-content\/uploads\/2019\/05\/BLS_8640.jpg\"><img loading=\"lazy\" decoding=\"async\" src=\"https:\/\/ciaananda.com.br\/wp-content\/uploads\/2019\/05\/BLS_8640-1024x683.jpg\" alt=\"\" width=\"640\" height=\"427\" class=\"alignnone size-large wp-image-561\" srcset=\"https:\/\/ciaananda.com.br\/wp-content\/uploads\/2019\/05\/BLS_8640-1024x683.jpg 1024w, https:\/\/ciaananda.com.br\/wp-content\/uploads\/2019\/05\/BLS_8640-300x200.jpg 300w, https:\/\/ciaananda.com.br\/wp-content\/uploads\/2019\/05\/BLS_8640-768x512.jpg 768w, https:\/\/ciaananda.com.br\/wp-content\/uploads\/2019\/05\/BLS_8640.jpg 2048w\" sizes=\"(max-width: 640px) 100vw, 640px\" \/><\/a><\/p>\n<p>Musicien, instrumentiste, compositeur, danseur et \u00e9ducateur. Ses \u0153uvres sont li\u00e9es \u00e0 la musique instrumentale, aux chants et aux bandes sonores pour la danse et le cin\u00e9ma. Il est membre de la Compagnie Ananda, du Grand Collectif et d\u00e9veloppe ses \u0153uvres en solo dans des formations, quintets, duos et trios. Actuellement il pr\u00e9pare son premier album.<\/p>\n<p>&nbsp;<\/p>\n<p><strong>Heloisa Rodrigues<\/strong><br \/>\n<a href=\"https:\/\/ciaananda.com.br\/wp-content\/uploads\/2019\/05\/DSC_9200.jpg\"><img loading=\"lazy\" decoding=\"async\" src=\"https:\/\/ciaananda.com.br\/wp-content\/uploads\/2019\/05\/DSC_9200-1024x683.jpg\" alt=\"\" width=\"640\" height=\"427\" class=\"alignnone size-large wp-image-515\" srcset=\"https:\/\/ciaananda.com.br\/wp-content\/uploads\/2019\/05\/DSC_9200-1024x683.jpg 1024w, https:\/\/ciaananda.com.br\/wp-content\/uploads\/2019\/05\/DSC_9200-300x200.jpg 300w, https:\/\/ciaananda.com.br\/wp-content\/uploads\/2019\/05\/DSC_9200-768x512.jpg 768w\" sizes=\"(max-width: 640px) 100vw, 640px\" \/><\/a><\/p>\n<p>\u00c9tudiante en Danse \u00e0 l\u2019Universit\u00e9 F\u00e9d\u00e9rale de Minas Gerais, elle est professeure de danse pour enfants en plusieurs \u00e9coles. Elle fait partie du Groupe de Danse Contemporaine Livre en tant qu&rsquo;artiste, chercheuse et assistante de production. Elle est danseuse-cr\u00e9atrice dans la Compagnie Ananda. Son CV comprend la participation \u00e0 des festivals, des concours et differents projets au Br\u00e9sil, en France, en Belgique, en Colombie, au Panama, au Mexique, au Guatemala et au Costa Rica.<\/p>\n<p><strong>Iara Umezaki<\/strong><\/p>\n<p><a href=\"https:\/\/ciaananda.com.br\/wp-content\/uploads\/2019\/05\/BLS_8631.jpg\"><img loading=\"lazy\" decoding=\"async\" src=\"https:\/\/ciaananda.com.br\/wp-content\/uploads\/2019\/05\/BLS_8631-1024x683.jpg\" alt=\"\" width=\"640\" height=\"427\" class=\"alignnone size-large wp-image-555\" srcset=\"https:\/\/ciaananda.com.br\/wp-content\/uploads\/2019\/05\/BLS_8631-1024x683.jpg 1024w, https:\/\/ciaananda.com.br\/wp-content\/uploads\/2019\/05\/BLS_8631-300x200.jpg 300w, https:\/\/ciaananda.com.br\/wp-content\/uploads\/2019\/05\/BLS_8631-768x512.jpg 768w, https:\/\/ciaananda.com.br\/wp-content\/uploads\/2019\/05\/BLS_8631.jpg 2048w\" sizes=\"(max-width: 640px) 100vw, 640px\" \/><\/a><\/p>\n<p>Dipl\u00f4m\u00e9e en Droit \u00e0 l\u2019Universit\u00e9 F\u00e9d\u00e9rale de Minas Gerais en 2008, elle est professeure de yoga, form\u00e9e par le \u00ab\u00a0N\u00f9cleo Padma Yoga\u00a0\u00bb et par Paulo Baeta en 2015. Elle a particip\u00e9 \u00e0 des ateliers,  \u00e0 des cours libres de danse contemporaine et br\u00e9siliennes et occupe actuellement la fonction de professeur de yoga et de danseuse-cr\u00e9atrice de la Compagnie Ananda.<\/p>\n<p>&nbsp;<\/p>\n<p><strong>Jo Caravelli<\/strong><\/p>\n<p><a href=\"https:\/\/ciaananda.com.br\/wp-content\/uploads\/2019\/05\/BLS_8637.jpg\"><img loading=\"lazy\" decoding=\"async\" src=\"https:\/\/ciaananda.com.br\/wp-content\/uploads\/2019\/05\/BLS_8637-1024x683.jpg\" alt=\"\" width=\"640\" height=\"427\" class=\"alignnone size-large wp-image-559\" srcset=\"https:\/\/ciaananda.com.br\/wp-content\/uploads\/2019\/05\/BLS_8637-1024x683.jpg 1024w, https:\/\/ciaananda.com.br\/wp-content\/uploads\/2019\/05\/BLS_8637-300x200.jpg 300w, https:\/\/ciaananda.com.br\/wp-content\/uploads\/2019\/05\/BLS_8637-768x512.jpg 768w, https:\/\/ciaananda.com.br\/wp-content\/uploads\/2019\/05\/BLS_8637.jpg 2048w\" sizes=\"(max-width: 640px) 100vw, 640px\" \/><\/a><\/p>\n<p>Danseuse et p\u00e9dagogue, elle est form\u00e9e en danse contemporaine \u00e0 \u00ab\u00a0l&rsquo;Arena da Cultura\u00a0\u00bb. Depuis 2007,elle est membre du groupe \u2018Entre Corpos\u2019 en tant que chercheuse et danseuse. Elle a particip\u00e9 en tant qu&rsquo;interpr\u00e8te \u00e0 \u00ab\u00a0Em Obras-Coletivo de Danca em paisagens Urbanas\u00a0\u00bb. Depuis 2013, elle est \u00e9ducatrice en danse et expression corporelle aupr\u00e8s de jeunes et d&rsquo;adultes ayant une d\u00e9ficience intellectuelle et l&rsquo;autisme. <\/p>\n<p>&nbsp;<\/p>\n<p><strong>Joicinele Pinheiro<\/strong><\/p>\n<p><a href=\"https:\/\/ciaananda.com.br\/wp-content\/uploads\/2019\/05\/00-1.jpg\"><img loading=\"lazy\" decoding=\"async\" src=\"https:\/\/ciaananda.com.br\/wp-content\/uploads\/2019\/05\/00-1-1024x683.jpg\" alt=\"\" width=\"640\" height=\"427\" class=\"alignnone size-large wp-image-585\" srcset=\"https:\/\/ciaananda.com.br\/wp-content\/uploads\/2019\/05\/00-1-1024x683.jpg 1024w, https:\/\/ciaananda.com.br\/wp-content\/uploads\/2019\/05\/00-1-300x200.jpg 300w, https:\/\/ciaananda.com.br\/wp-content\/uploads\/2019\/05\/00-1-768x512.jpg 768w, https:\/\/ciaananda.com.br\/wp-content\/uploads\/2019\/05\/00-1.jpg 1714w\" sizes=\"(max-width: 640px) 100vw, 640px\" \/><\/a><\/p>\n<p>Joicinele Pinheiro est une danseuse. Son parcours artistique m\u00eale danse populaires br\u00e9siliennes et danse contemporaine. Au cours de sa formation, elle a particip\u00e9 \u00e0 des projets sociaux et rejoint les groupes de danses populaires \u00ab\u00a0Sarandeiros\u00a0\u00bb et \u00ab\u00a0Aruanda\u00a0\u00bb. Par la suite, \u00e0 l\u2019\u00a0\u00ab\u00a0Escola Livre de Artes Arena da Cultura\u00a0\u00bb , elle a re\u00e7u une formation livre en danse. \u00c9tudiante en Danse \u00e0 l\u2019Universit\u00e9 F\u00e9d\u00e9rale de Minas Gerais, elle est danseuse-cr\u00e9atrice de la Compagnie Ananda et l&rsquo;une des cr\u00e9atrices et fondatrices du collectif \u00ab\u00a0Hi (\u00e2ncia)\u00a0\u00bb. Elle enseigne \u00e9galement les danses populaires au Centre de Formation de Danse Sesc Cen\u00e1rio.<br \/>\nLink: https:\/\/instagram.com\/ihianc?utm_source=ig_profile_share&#038;igshid=1g1okw9j0ulp<\/p>\n<p>&nbsp;<\/p>\n<p><strong>Juliana Cancio<\/strong><\/p>\n<p><a href=\"https:\/\/ciaananda.com.br\/wp-content\/uploads\/2019\/05\/BLS_8644.jpg\"><img loading=\"lazy\" decoding=\"async\" src=\"https:\/\/ciaananda.com.br\/wp-content\/uploads\/2019\/05\/BLS_8644-1024x683.jpg\" alt=\"\" width=\"640\" height=\"427\" class=\"alignnone size-large wp-image-563\" srcset=\"https:\/\/ciaananda.com.br\/wp-content\/uploads\/2019\/05\/BLS_8644-1024x683.jpg 1024w, https:\/\/ciaananda.com.br\/wp-content\/uploads\/2019\/05\/BLS_8644-300x200.jpg 300w, https:\/\/ciaananda.com.br\/wp-content\/uploads\/2019\/05\/BLS_8644-768x512.jpg 768w, https:\/\/ciaananda.com.br\/wp-content\/uploads\/2019\/05\/BLS_8644.jpg 2048w\" sizes=\"(max-width: 640px) 100vw, 640px\" \/><\/a><\/p>\n<p>Dipl\u00f4m\u00e9e en Danse \u00e0 l\u2019Universit\u00e9 F\u00e9d\u00e9rale de Vi\u00e7osa, elle a travaill\u00e9 comme danseuse, interpr\u00e8te et chercheuse pour le groupe Rascunho, le groupe \u00ab\u00a0Jazz com Jazz\u00a0\u00bb et \u00ab\u00a0GEDES\u00a0\u00bb \u00e0 Vi\u00e7osa. Elle a particip\u00e9 \u00e0 la production d&rsquo;\u00e9v\u00e9nements culturels, spectacles de danse et ENEARTE. Elle a enseign\u00e9 le jazz et la danse contemporaine dans des \u00e9coles de danse. Elle \u00e0 \u00e9tait danseuse interpr\u00e8te au Ballet de la Jeunesse de Minas Gerais. Elle travaille en tant que professeur d\u2019art dans les \u00e9coles publiques de Minas Gerais depuis 2017.<\/p>\n<p>&nbsp;<\/p>\n<p><strong>Luana Magalh\u00e3es Gomes<\/strong><\/p>\n<p><a href=\"https:\/\/ciaananda.com.br\/wp-content\/uploads\/2019\/05\/BLS_8632.jpg\"><img loading=\"lazy\" decoding=\"async\" src=\"https:\/\/ciaananda.com.br\/wp-content\/uploads\/2019\/05\/BLS_8632-1024x683.jpg\" alt=\"\" width=\"640\" height=\"427\" class=\"alignnone size-large wp-image-556\" srcset=\"https:\/\/ciaananda.com.br\/wp-content\/uploads\/2019\/05\/BLS_8632-1024x683.jpg 1024w, https:\/\/ciaananda.com.br\/wp-content\/uploads\/2019\/05\/BLS_8632-300x200.jpg 300w, https:\/\/ciaananda.com.br\/wp-content\/uploads\/2019\/05\/BLS_8632-768x512.jpg 768w, https:\/\/ciaananda.com.br\/wp-content\/uploads\/2019\/05\/BLS_8632.jpg 2048w\" sizes=\"(max-width: 640px) 100vw, 640px\" \/><\/a><\/p>\n<p>Artiste &#8211; enseignante &#8211; chercheuse dans le domaine de la danse. Au cours de sa formation elle a eu des experiences professionnelles avec le \u00ab\u00a0Ballet Jovem do Pal\u00e0cio das Artes\u00a0\u00bb et au \u00ab\u00a0Grupo Primeiro Ato\u00a0\u00bb. Actuellement \u00e9tudiante en Danse \u00e0 l\u2019Universit\u00e9 F\u00e9d\u00e9rale de Minas Gerais; elle est danseuse-cr\u00e9atrice de la Cia Ananda. Elle participe \u00e0 la \u00ab\u00a0Plataforma Doras\u00a0\u00bb de femmes artistes; et entretient un partenariat de recherche en danse avec l&rsquo;artiste Renata Fernandes.<\/p>\n<p><strong>Maxmiler Junio<\/strong><\/p>\n<p><a href=\"https:\/\/ciaananda.com.br\/wp-content\/uploads\/2019\/05\/Maxmiler-Junio-e1558803132910.jpg\"><img loading=\"lazy\" decoding=\"async\" src=\"https:\/\/ciaananda.com.br\/wp-content\/uploads\/2019\/05\/Maxmiler-Junio-200x300.jpg\" alt=\"\" width=\"200\" height=\"300\" class=\"alignnone size-medium wp-image-587\" \/><\/a><\/p>\n<p>\u00c9tudiant en Danse \u00e0 l\u2019Universit\u00e9 F\u00e9d\u00e9rale de Minas Gerais, \u00e9lu le meilleur chor\u00e9graphe du Festival d&rsquo;Hiver de Belo Horizonte et du Circuit du Minas Gerais, il a re\u00e7u plusieurs prix dans des festivals br\u00e9siliens, dont celui du meilleur danseur du Festival de Joinville. Il est a \u00e9t\u00e9 danseur de la Cia Sesc Dan\u00e7a.<\/p>\n<p>&nbsp;<\/p>\n<p><strong>Natalia\u00a0Candido\u00a0De\u00a0Jesus<\/strong><\/p>\n<p><a href=\"https:\/\/ciaananda.com.br\/wp-content\/uploads\/2019\/08\/IMG-20190715-WA0000-e1564743604821.jpg\"><img loading=\"lazy\" decoding=\"async\" src=\"https:\/\/ciaananda.com.br\/wp-content\/uploads\/2019\/08\/IMG-20190715-WA0000-768x1024.jpg\" alt=\"\" width=\"340\" height=\"427\" class=\"alignnone size-large wp-image-661\" \/><\/a><\/p>\n<p>Danseuse, elle a suivi des cours d\u2019expression corporelle \u00e0 l\u2019H\u00f4pital Sarah de 2002 \u00e0 2005 et de danse contemporaine au  Programa\u00a0Superar de\u00a02014 \u00e0 2019. Elle suit des cours de forr\u00f3 \u00e0 l&rsquo;\u00e9cole municipale Mario Mour\u00e3o Filho &#8211; Projet d&rsquo;\u00e9cole ouverte depuis 2018. Elle participe actuellement \u00e0 des ateliers de danse escola\u00a0de\u00a0Educa\u00e7\u00e3o\u00a0F\u00edsica\u00a0da\u00a0UFMG,\u00a0e\u00a0du Projet \u00a0Arte\u00a0e\u00a0Diferen\u00e7a\u00a0de la m\u00eame universit\u00e9. Elle a particip\u00e9 en tant qu&rsquo;artiste \u00e0 divers \u00e9v\u00e9nements tels que \u00ab\u00a0microfone\u00a0aberto\u00a0na\u00a0ala\u00a0de\u00a0interna\u00e7\u00e3o\u00a0\u00bb, \u00ab\u00a0PCDs\u00a0em\u00a0a\u00e7\u00e3o\u00a0\u00bb et le Festival de la danse Superando\u00a0Barreiras.<\/p>\n<p>&nbsp;<\/p>\n<p><strong>Oscar Capucho<\/strong><\/p>\n<p><a href=\"https:\/\/ciaananda.com.br\/wp-content\/uploads\/2019\/05\/BLS_8650.jpg\"><img loading=\"lazy\" decoding=\"async\" src=\"https:\/\/ciaananda.com.br\/wp-content\/uploads\/2019\/05\/BLS_8650-1024x683.jpg\" alt=\"\" width=\"640\" height=\"427\" class=\"alignnone size-large wp-image-565\" srcset=\"https:\/\/ciaananda.com.br\/wp-content\/uploads\/2019\/05\/BLS_8650-1024x683.jpg 1024w, https:\/\/ciaananda.com.br\/wp-content\/uploads\/2019\/05\/BLS_8650-300x200.jpg 300w, https:\/\/ciaananda.com.br\/wp-content\/uploads\/2019\/05\/BLS_8650-768x512.jpg 768w, https:\/\/ciaananda.com.br\/wp-content\/uploads\/2019\/05\/BLS_8650.jpg 2048w\" sizes=\"(max-width: 640px) 100vw, 640px\" \/><\/a><\/p>\n<p>Artiste dipl\u00f4m\u00e9 en Th\u00e9\u00e2tre par l\u2019Universit\u00e9 F\u00e9d\u00e9rale de Minas Gerais, il a commenc\u00e9 sa carri\u00e8re en tant que com\u00e9dien et a \u00e9t\u00e9 invit\u00e9 \u00e0 diriger des \u0153uvres th\u00e9\u00e2trales. Un chercheur curieux du mouvement qui a toujours \u00e9t\u00e9 inspir\u00e9 par la danse, ce qui lui a permis de vivre plusieurs exp\u00e9riences avec des artistes de premier plan et de participer \u00e0 la c\u00e9r\u00e9monie d&rsquo;ouverture des Jeux paralympiques de Rio en 2016. Aujourd&rsquo;hui, membre de la compagnie Ananda, il partage ses recherches en organisant des ateliers et des r\u00e9sidences artistiques au Br\u00e9sil et en Europe.<\/p>\n<p>&nbsp;<\/p>\n<p><strong>Renata Campos Fernandes<\/strong><\/p>\n<p><a href=\"https:\/\/ciaananda.com.br\/wp-content\/uploads\/2019\/05\/BLS_8636.jpg\"><img loading=\"lazy\" decoding=\"async\" src=\"https:\/\/ciaananda.com.br\/wp-content\/uploads\/2019\/05\/BLS_8636-1024x683.jpg\" alt=\"\" width=\"640\" height=\"427\" class=\"alignnone size-large wp-image-558\" srcset=\"https:\/\/ciaananda.com.br\/wp-content\/uploads\/2019\/05\/BLS_8636-1024x683.jpg 1024w, https:\/\/ciaananda.com.br\/wp-content\/uploads\/2019\/05\/BLS_8636-300x200.jpg 300w, https:\/\/ciaananda.com.br\/wp-content\/uploads\/2019\/05\/BLS_8636-768x512.jpg 768w, https:\/\/ciaananda.com.br\/wp-content\/uploads\/2019\/05\/BLS_8636.jpg 2048w\" sizes=\"(max-width: 640px) 100vw, 640px\" \/><\/a><\/p>\n<p>Artiste-chercheuse des processus d&rsquo;int\u00e9gration corps-esprit, perception-action, elle a obtenu son baccalaur\u00e9at en Danse a l\u2019Universit\u00e9 des Arts de Paran\u00e1 (FAP &#8211; UNESPAR). \u00c9ducatrice somatique sexuel par l&rsquo;Institut latino-am\u00e9ricain de sexologie somatique (ILASS). Membre de Soundpainting BH, enseignante \u00e0 CICALT &#8211; Cours de danse technique Plug Minas, promotrice de la r\u00e9union hebdomadaire \u00ab\u00a0Corpo-Casa em Contato\u00a0\u00bb, elle \u00e9tait artiste r\u00e9sidente de Nave (Chili) et du programme \u00ab\u00a0Creaci\u00f3n y Composoci\u00f3n Esc\u00e9nica Contempor\u00e1nea\u00a0\u00bb, dirig\u00e9 par Revuelo &#8211; dispositif m\u00f3vil coreogr\u00e1fico- et l\u2019Universidad de Chile.<\/p>\n<p>&nbsp;<\/p>\n<p><strong>Samuel Carvalho<\/strong><\/p>\n<p><a href=\"https:\/\/ciaananda.com.br\/wp-content\/uploads\/2019\/05\/BLS_8629.jpg\"><img loading=\"lazy\" decoding=\"async\" src=\"https:\/\/ciaananda.com.br\/wp-content\/uploads\/2019\/05\/BLS_8629-1024x683.jpg\" alt=\"\" width=\"640\" height=\"427\" class=\"alignnone size-large wp-image-554\" srcset=\"https:\/\/ciaananda.com.br\/wp-content\/uploads\/2019\/05\/BLS_8629-1024x683.jpg 1024w, https:\/\/ciaananda.com.br\/wp-content\/uploads\/2019\/05\/BLS_8629-300x200.jpg 300w, https:\/\/ciaananda.com.br\/wp-content\/uploads\/2019\/05\/BLS_8629-768x512.jpg 768w, https:\/\/ciaananda.com.br\/wp-content\/uploads\/2019\/05\/BLS_8629.jpg 2048w\" sizes=\"(max-width: 640px) 100vw, 640px\" \/><\/a><\/p>\n<p>anseur et interpr\u00e8te. \u00c9tudiant en Danse \u00e0 l\u2019Universit\u00e9 F\u00e9d\u00e9rale de Minas Gerais, il est dipl\u00f4m\u00e9 en p\u00e9dagogie par la m\u00eame universit\u00e9. Manager et artiste des groupes \u00ab\u00a0Em obra-Coletivo de Dan\u00e7a em paisagens Urbanas\u00a0\u00bb et \u00ab\u00a0ECOA \u2013 Coletivo de cria\u00e7\u00e3o e educa\u00e7\u00e3o em dan\u00e7a\u00a0\u00bb, il \u00e9tudie la danse \u00e0 l\u2019Ecole libre d\u2019art- Arena da Cultura et est un artiste de la danse du groupe \u00ab\u00a0EntreCorpos\u00a0\u00bb.<\/p>\n<p>&nbsp;<\/p>\n<p><strong>Uziel Ferreira<\/strong><\/p>\n<p><a href=\"https:\/\/ciaananda.com.br\/wp-content\/uploads\/2019\/05\/uziel-ferreira-e1558803174332.png\"><img loading=\"lazy\" decoding=\"async\" src=\"https:\/\/ciaananda.com.br\/wp-content\/uploads\/2019\/05\/uziel-ferreira-291x300.png\" alt=\"\"  width=\"340\" height=\"427\" class=\"alignnone size-medium wp-image-588\" \/><\/a><\/p>\n<p>Interpr\u00e8te de la langue des signes et traducteur depuis l\u2019\u00e2ge de 12 ans, il a travaill\u00e9 comme interpr\u00e8te en langue des signes pour PUC Minas et l\u2019Association des sourds et malentendants. Il soutien le projet PLEV &#8211; Projeto Libras nas Escolas e na Vida (projet langue des signes dans l\u2019\u00e9cole et dans la vie). Cr\u00e9ateur du Sarau Visual et de plusieurs po\u00e9sies en langue des signes. Il intervient, depuis 2017, au cours de Danse \u00e0 l\u2019Universit\u00e9 F\u00e9d\u00e9rale de Minas Gerais avec l\u2019atelier dramaturgies po\u00e9tiques en langues de signes.<\/p>\n<p>&nbsp;<\/p>\n<h1>Artistas Convidados<\/h1>\n<p>&nbsp;<\/p>\n<h1>\u00c9quipe technique<\/h1>\n<p>&nbsp;<\/p>\n<p><a href=\"https:\/\/ciaananda.com.br\/wp-content\/uploads\/2019\/05\/BLS_8663.jpg\"><img loading=\"lazy\" decoding=\"async\" src=\"https:\/\/ciaananda.com.br\/wp-content\/uploads\/2019\/05\/BLS_8663-300x200.jpg\" alt=\"\" width=\"300\" height=\"200\" class=\"alignnone size-medium wp-image-570\" srcset=\"https:\/\/ciaananda.com.br\/wp-content\/uploads\/2019\/05\/BLS_8663-300x200.jpg 300w, https:\/\/ciaananda.com.br\/wp-content\/uploads\/2019\/05\/BLS_8663-768x512.jpg 768w, https:\/\/ciaananda.com.br\/wp-content\/uploads\/2019\/05\/BLS_8663-1024x683.jpg 1024w, https:\/\/ciaananda.com.br\/wp-content\/uploads\/2019\/05\/BLS_8663.jpg 2048w\" sizes=\"(max-width: 300px) 100vw, 300px\" \/><\/a><br \/>\nCha\u00efn\u00e8se Le Bouteiller &#8211; Contra-regra<\/p>\n<p>&nbsp;<\/p>\n<p><a href=\"https:\/\/ciaananda.com.br\/wp-content\/uploads\/2019\/05\/BLS_8662.jpg\"><img loading=\"lazy\" decoding=\"async\" src=\"https:\/\/ciaananda.com.br\/wp-content\/uploads\/2019\/05\/BLS_8662-300x200.jpg\" alt=\"\" width=\"300\" height=\"200\" class=\"alignnone size-medium wp-image-569\" srcset=\"https:\/\/ciaananda.com.br\/wp-content\/uploads\/2019\/05\/BLS_8662-300x200.jpg 300w, https:\/\/ciaananda.com.br\/wp-content\/uploads\/2019\/05\/BLS_8662-768x512.jpg 768w, https:\/\/ciaananda.com.br\/wp-content\/uploads\/2019\/05\/BLS_8662-1024x683.jpg 1024w, https:\/\/ciaananda.com.br\/wp-content\/uploads\/2019\/05\/BLS_8662.jpg 2048w\" sizes=\"(max-width: 300px) 100vw, 300px\" \/><\/a><\/p>\n<p>Maisa do Carmo &#8211; Contra-regra<\/p>","protected":false},"excerpt":{"rendered":"<p>Direction Anamaria Fernandes Anamaria Fernandes\u00a0obtient sa licence en danse \u00e0 l\u2019Universit\u00e9 Unicamp &#8211; Campinas, Br\u00e9sil [&hellip;]<\/p>\n","protected":false},"author":1,"featured_media":734,"parent":0,"menu_order":0,"comment_status":"closed","ping_status":"closed","template":"","meta":{"footnotes":""},"_links":{"self":[{"href":"https:\/\/ciaananda.com.br\/fr\/wp-json\/wp\/v2\/pages\/322"}],"collection":[{"href":"https:\/\/ciaananda.com.br\/fr\/wp-json\/wp\/v2\/pages"}],"about":[{"href":"https:\/\/ciaananda.com.br\/fr\/wp-json\/wp\/v2\/types\/page"}],"author":[{"embeddable":true,"href":"https:\/\/ciaananda.com.br\/fr\/wp-json\/wp\/v2\/users\/1"}],"replies":[{"embeddable":true,"href":"https:\/\/ciaananda.com.br\/fr\/wp-json\/wp\/v2\/comments?post=322"}],"version-history":[{"count":69,"href":"https:\/\/ciaananda.com.br\/fr\/wp-json\/wp\/v2\/pages\/322\/revisions"}],"predecessor-version":[{"id":3424,"href":"https:\/\/ciaananda.com.br\/fr\/wp-json\/wp\/v2\/pages\/322\/revisions\/3424"}],"wp:featuredmedia":[{"embeddable":true,"href":"https:\/\/ciaananda.com.br\/fr\/wp-json\/wp\/v2\/media\/734"}],"wp:attachment":[{"href":"https:\/\/ciaananda.com.br\/fr\/wp-json\/wp\/v2\/media?parent=322"}],"curies":[{"name":"wp","href":"https:\/\/api.w.org\/{rel}","templated":true}]}}